{"id":230,"date":"2014-02-07T16:29:01","date_gmt":"2014-02-07T16:29:01","guid":{"rendered":"http:\/\/demo.themegrill.com\/radiate\/?page_id=2"},"modified":"2023-04-08T22:49:14","modified_gmt":"2023-04-08T22:49:14","slug":"sample-page-2-2","status":"publish","type":"page","link":"https:\/\/www.kenthakki.org\/?page_id=230","title":{"rendered":"KENTL\u0130LE\u015eME"},"content":{"rendered":"\n<p>G\u00f6\u00e7le kentlerimize gelen bireylerimizin yeniden toplumsalla\u015fmas\u0131 yani de\u011fi\u015fim s\u00fcreci olan kentlile\u015fmenin b\u00f6lgemizde desteklenmesi gerekmektedir. Kentlerin yo\u011fun g\u00f6\u00e7 y\u00fcz\u00fcnden kimli\u011fini koruyamad\u0131\u011f\u0131, kaybetti\u011fi durumlarda bir taraftan gelenek canland\u0131r\u0131labilir, di\u011fer taraftan etkile\u015fimli ya\u015fam kurallar\u0131 tart\u0131\u015f\u0131labilir.<\/p>\n\n\n\n<p>Kentlile\u015femeyen, kentlile\u015fmekte bocalayan bir toplumsal yap\u0131n\u0131n olu\u015fmas\u0131 s\u00fcrecine diren\u00e7 g\u00f6sterilemeyen durumlarda, kentlile\u015fmi\u015f ya da kentlile\u015fmek isteyen bireyler harekete ge\u00e7mekte gecikmemelidir. Kentlile\u015femeyen kitleler kentle b\u00fct\u00fcnle\u015femez, kente \u00f6zg\u00fc davran\u0131\u015f sergileyemez, kent hakk\u0131n\u0131 savunamaz ve koruyamaz.<\/p>\n\n\n\n<p>Kuzey Y\u0131ld\u0131z\u0131 Platformu, kentlile\u015fememenin b\u00f6lgenin en \u00f6nemli sorunlar\u0131ndan biri oldu\u011fu tespiti \u00fczerine \u015fekillenmi\u015ftir. Kentlile\u015fememi\u015f bireyler kar\u015f\u0131s\u0131nda kentlilik kurallar\u0131na uygun ya\u015famak isteyen bireyler kentle etkile\u015ftikleri her an iyi hissetmemektedir Kentlile\u015fme konusunda hassas bireylerin maruz kald\u0131klar\u0131 kentlile\u015fmekten uzak yakla\u015f\u0131m ve tutumlar y\u00fcz\u00fcnden i\u00e7ine kapanmas\u0131, g\u00f6z yummas\u0131, g\u00f6rmezden gelmesi do\u011fru de\u011fildir. Hassas ve tavizsiz bireylerin bir araya gelerek kentlile\u015fme sorunlar\u0131n\u0131 belirlemesi ve \u00e7\u00f6z\u00fcm yollar\u0131n\u0131 topluma duyurmas\u0131 gerekmektedir. Bu konuda d\u00fcnyan\u0131n di\u011fer kentlerinden \u00f6\u011frenece\u011fimiz, d\u00fcnyan\u0131n di\u011fer kentlerine \u00f6\u011fretece\u011fimiz yakla\u015f\u0131m ve uygulamalar bilinince ve ger\u00e7ekle\u015ftirilirse kentlerimiz daha mutlu ve \u00fcretken bireylerin mekanlar\u0131 haline gelecektir.<\/p>\n\n\n\n<p>Kuzey Y\u0131ld\u0131z\u0131 Platformu, kentlile\u015fmenin yayg\u0131nla\u015fmas\u0131 ve devinmesi i\u00e7in b\u00f6lgemizdeki kentlileri g\u00f6n\u00fcll\u00fc, destek\u00e7i ve \u00fcye olmaya davet ediyor.<\/p>\n\n\n\n<p>kenthakkim@gmail.com<\/p>\n\n\n\n<figure class=\"wp-block-image size-full is-resized\"><img loading=\"lazy\" decoding=\"async\" src=\"https:\/\/www.kenthakki.org\/wp-content\/uploads\/2023\/04\/resim4.jpg\" alt=\"\" class=\"wp-image-350\" width=\"1010\" height=\"1347\" srcset=\"https:\/\/www.kenthakki.org\/wp-content\/uploads\/2023\/04\/resim4.jpg 768w, https:\/\/www.kenthakki.org\/wp-content\/uploads\/2023\/04\/resim4-225x300.jpg 225w\" sizes=\"auto, (max-width: 1010px) 100vw, 1010px\" \/><\/figure>\n","protected":false},"excerpt":{"rendered":"<p>G\u00f6\u00e7le kentlerimize gelen bireylerimizin yeniden toplumsalla\u015fmas\u0131 yani de\u011fi\u015fim s\u00fcreci olan kentlile\u015fmenin b\u00f6lgemizde desteklenmesi gerekmektedir. Kentlerin yo\u011fun g\u00f6\u00e7 y\u00fcz\u00fcnden kimli\u011fini koruyamad\u0131\u011f\u0131, kaybetti\u011fi durumlarda bir taraftan gelenek canland\u0131r\u0131labilir, di\u011fer taraftan etkile\u015fimli ya\u015fam kurallar\u0131 tart\u0131\u015f\u0131labilir. Kentlile\u015femeyen, kentlile\u015fmekte bocalayan bir toplumsal yap\u0131n\u0131n olu\u015fmas\u0131 s\u00fcrecine diren\u00e7 g\u00f6sterilemeyen durumlarda, kentlile\u015fmi\u015f ya da kentlile\u015fmek isteyen bireyler harekete ge\u00e7mekte gecikmemelidir. Kentlile\u015femeyen kitleler kentle [&hellip;]<\/p>\n","protected":false},"author":1,"featured_media":0,"parent":0,"menu_order":0,"comment_status":"closed","ping_status":"open","template":"","meta":{"footnotes":""},"class_list":["post-230","page","type-page","status-publish","hentry"],"_links":{"self":[{"href":"https:\/\/www.kenthakki.org\/index.php?rest_route=\/wp\/v2\/pages\/230","targetHints":{"allow":["GET"]}}],"collection":[{"href":"https:\/\/www.kenthakki.org\/index.php?rest_route=\/wp\/v2\/pages"}],"about":[{"href":"https:\/\/www.kenthakki.org\/index.php?rest_route=\/wp\/v2\/types\/page"}],"author":[{"embeddable":true,"href":"https:\/\/www.kenthakki.org\/index.php?rest_route=\/wp\/v2\/users\/1"}],"replies":[{"embeddable":true,"href":"https:\/\/www.kenthakki.org\/index.php?rest_route=%2Fwp%2Fv2%2Fcomments&post=230"}],"version-history":[{"count":4,"href":"https:\/\/www.kenthakki.org\/index.php?rest_route=\/wp\/v2\/pages\/230\/revisions"}],"predecessor-version":[{"id":422,"href":"https:\/\/www.kenthakki.org\/index.php?rest_route=\/wp\/v2\/pages\/230\/revisions\/422"}],"wp:attachment":[{"href":"https:\/\/www.kenthakki.org\/index.php?rest_route=%2Fwp%2Fv2%2Fmedia&parent=230"}],"curies":[{"name":"wp","href":"https:\/\/api.w.org\/{rel}","templated":true}]}}